{"id":230,"date":"2025-10-12T00:55:38","date_gmt":"2025-10-11T22:55:38","guid":{"rendered":"https:\/\/www.een.sk\/?page_id=230"},"modified":"2026-01-20T22:19:33","modified_gmt":"2026-01-20T21:19:33","slug":"aktuality","status":"publish","type":"page","link":"https:\/\/www.een.sk\/en\/aktuality","title":{"rendered":"News"},"content":{"rendered":"<div data-elementor-type=\"wp-page\" data-elementor-id=\"230\" class=\"elementor elementor-230\" data-elementor-post-type=\"page\">\n\t\t\t\t<div class=\"elementor-element elementor-element-59de0803 e-flex e-con-boxed e-con e-parent\" data-id=\"59de0803\" data-element_type=\"container\">\n\t\t\t\t\t<div class=\"e-con-inner\">\n\t\t\t\t\t<\/div>\n\t\t\t\t<\/div>\n\t\t<div class=\"elementor-element elementor-element-2e5fec38 e-flex e-con-boxed e-con e-parent\" data-id=\"2e5fec38\" data-element_type=\"container\">\n\t\t\t\t\t<div class=\"e-con-inner\">\n\t\t\t\t<div class=\"elementor-element elementor-element-1062e0f2 elementor-grid-3 elementor-grid-tablet-2 elementor-grid-mobile-1 elementor-posts--thumbnail-top elementor-widget elementor-widget-posts\" data-id=\"1062e0f2\" data-element_type=\"widget\" data-settings=\"{&quot;pagination_type&quot;:&quot;load_more_infinite_scroll&quot;,&quot;classic_columns&quot;:&quot;3&quot;,&quot;classic_columns_tablet&quot;:&quot;2&quot;,&quot;classic_columns_mobile&quot;:&quot;1&quot;,&quot;classic_row_gap&quot;:{&quot;unit&quot;:&quot;px&quot;,&quot;size&quot;:35,&quot;sizes&quot;:[]},&quot;classic_row_gap_laptop&quot;:{&quot;unit&quot;:&quot;px&quot;,&quot;size&quot;:&quot;&quot;,&quot;sizes&quot;:[]},&quot;classic_row_gap_tablet&quot;:{&quot;unit&quot;:&quot;px&quot;,&quot;size&quot;:&quot;&quot;,&quot;sizes&quot;:[]},&quot;classic_row_gap_mobile&quot;:{&quot;unit&quot;:&quot;px&quot;,&quot;size&quot;:&quot;&quot;,&quot;sizes&quot;:[]},&quot;load_more_spinner&quot;:{&quot;value&quot;:&quot;fas fa-spinner&quot;,&quot;library&quot;:&quot;fa-solid&quot;}}\" data-widget_type=\"posts.classic\">\n\t\t\t\t<div class=\"elementor-widget-container\">\n\t\t\t\t\t\t\t<div class=\"elementor-posts-container elementor-posts elementor-posts--skin-classic elementor-grid\" role=\"list\">\n\t\t\t\t<article class=\"elementor-post elementor-grid-item post-2238 post type-post status-publish format-standard has-post-thumbnail hentry category-aktuality\" role=\"listitem\">\n\t\t\t\t<a class=\"elementor-post__thumbnail__link\" href=\"https:\/\/www.een.sk\/en\/od-prototypu-na-trh-bionetzero-financuje-bio-riesenia-pre-zelenu-transformaciu-priemyslu-grantami-do-60-tisic-eur\" tabindex=\"-1\" >\n\t\t\t<div class=\"elementor-post__thumbnail\"><img fetchpriority=\"high\" decoding=\"async\" width=\"1022\" height=\"470\" src=\"https:\/\/www.een.sk\/wp-content\/uploads\/2026\/04\/image-6.png-3.jpeg\" class=\"attachment-full size-full wp-image-2239\" alt=\"\" \/><\/div>\n\t\t<\/a>\n\t\t\t\t<div class=\"elementor-post__text\">\n\t\t\t\t<h3 class=\"elementor-post__title\">\n\t\t\t<a href=\"https:\/\/www.een.sk\/en\/od-prototypu-na-trh-bionetzero-financuje-bio-riesenia-pre-zelenu-transformaciu-priemyslu-grantami-do-60-tisic-eur\" >\n\t\t\t\tOd prototypu na trh: BIONetZero financuje bio-rie\u0161enia pre zelen\u00fa transform\u00e1ciu priemyslu grantami do 60 tis\u00edc\u00a0eur\t\t\t<\/a>\n\t\t<\/h3>\n\t\t\t\t<div class=\"elementor-post__meta-data\">\n\t\t\t\t\t<span class=\"elementor-post-date\">\n\t\t\t27 April, 2026\t\t<\/span>\n\t\t\t\t<\/div>\n\t\t\t\t<div class=\"elementor-post__excerpt\">\n\t\t\t<p>V\u00fdzva BIONetZero Open Call 2026 je zameran\u00e1 na podporu inovat\u00edvnych MSP a startupov vyv\u00edjaj\u00facich biosolutions pre agropotravin\u00e1rstvo a energeticky n\u00e1ro\u010dn\u00e9 odvetvia, pri\u010dom financuje aktivity od v\u00fdvoja a testovania prototypov a\u017e<\/p>\n\t\t<\/div>\n\t\t\n\t\t<a class=\"elementor-post__read-more\" href=\"https:\/\/www.een.sk\/en\/od-prototypu-na-trh-bionetzero-financuje-bio-riesenia-pre-zelenu-transformaciu-priemyslu-grantami-do-60-tisic-eur\" aria-label=\"Read more about Od prototypu na trh: BIONetZero financuje bio-rie\u0161enia pre zelen\u00fa transform\u00e1ciu priemyslu grantami do 60 tis\u00edc\u00a0eur\" tabindex=\"-1\" >\n\t\t\t\u010c\u00edta\u0165 viac \u00bb\t\t<\/a>\n\n\t\t\t\t<\/div>\n\t\t\t\t<\/article>\n\t\t\t\t<article class=\"elementor-post elementor-grid-item post-2232 post type-post status-publish format-standard has-post-thumbnail hentry category-aktuality\" role=\"listitem\">\n\t\t\t\t<a class=\"elementor-post__thumbnail__link\" href=\"https:\/\/www.een.sk\/en\/priemyselna-vyroba-na-slovensku-inovacie-talent-a-technologie\" tabindex=\"-1\" >\n\t\t\t<div class=\"elementor-post__thumbnail\"><img decoding=\"async\" width=\"906\" height=\"523\" src=\"https:\/\/www.een.sk\/wp-content\/uploads\/2026\/04\/image-3.png-2-1.jpeg\" class=\"attachment-full size-full wp-image-2237\" alt=\"\" \/><\/div>\n\t\t<\/a>\n\t\t\t\t<div class=\"elementor-post__text\">\n\t\t\t\t<h3 class=\"elementor-post__title\">\n\t\t\t<a href=\"https:\/\/www.een.sk\/en\/priemyselna-vyroba-na-slovensku-inovacie-talent-a-technologie\" >\n\t\t\t\tPriemyseln\u00e1 v\u00fdroba na Slovensku: inov\u00e1cie, talent a\u00a0technol\u00f3gie\t\t\t<\/a>\n\t\t<\/h3>\n\t\t\t\t<div class=\"elementor-post__meta-data\">\n\t\t\t\t\t<span class=\"elementor-post-date\">\n\t\t\t27 April, 2026\t\t<\/span>\n\t\t\t\t<\/div>\n\t\t\t\t<div class=\"elementor-post__excerpt\">\n\t\t\t<p>Priemyseln\u00e1 v\u00fdroba patr\u00ed na Slovensku medzi hlavn\u00e9 motory v\u00fdskumu a inov\u00e1ci\u00ed. Generuje viac ako polovicu podnikov\u00fdch v\u00fddavkov na v\u00fdskum a v\u00fdvoj, \u010d\u00edm z\u00e1sadne ovplyv\u0148uje konkurencieschopnos\u0165 celej ekonomiky. Ak m\u00e1 tento<\/p>\n\t\t<\/div>\n\t\t\n\t\t<a class=\"elementor-post__read-more\" href=\"https:\/\/www.een.sk\/en\/priemyselna-vyroba-na-slovensku-inovacie-talent-a-technologie\" aria-label=\"Read more about Priemyseln\u00e1 v\u00fdroba na Slovensku: inov\u00e1cie, talent a\u00a0technol\u00f3gie\" tabindex=\"-1\" >\n\t\t\t\u010c\u00edta\u0165 viac \u00bb\t\t<\/a>\n\n\t\t\t\t<\/div>\n\t\t\t\t<\/article>\n\t\t\t\t<article class=\"elementor-post elementor-grid-item post-2227 post type-post status-publish format-standard has-post-thumbnail hentry category-aktuality\" role=\"listitem\">\n\t\t\t\t<a class=\"elementor-post__thumbnail__link\" href=\"https:\/\/www.een.sk\/en\/verejna-konzultacia-o-revizii-vnutrostatnych-cielov-a-nastrojov-flexibility-v-ramci-politiky-eu-v-oblasti-klimy-po-roku-2030\" tabindex=\"-1\" >\n\t\t\t<div class=\"elementor-post__thumbnail\"><img decoding=\"async\" width=\"5184\" height=\"3456\" src=\"https:\/\/www.een.sk\/wp-content\/uploads\/2026\/04\/pexels-zaid-ahmed-80609047-11840887.jpg\" class=\"attachment-full size-full wp-image-2228\" alt=\"\" \/><\/div>\n\t\t<\/a>\n\t\t\t\t<div class=\"elementor-post__text\">\n\t\t\t\t<h3 class=\"elementor-post__title\">\n\t\t\t<a href=\"https:\/\/www.een.sk\/en\/verejna-konzultacia-o-revizii-vnutrostatnych-cielov-a-nastrojov-flexibility-v-ramci-politiky-eu-v-oblasti-klimy-po-roku-2030\" >\n\t\t\t\tVerejn\u00e1 konzult\u00e1cia o Rev\u00edzii vn\u00fatro\u0161t\u00e1tnych cie\u013eov a n\u00e1strojov flexibility v r\u00e1mci politiky E\u00da v oblasti kl\u00edmy po roku 2030\t\t\t<\/a>\n\t\t<\/h3>\n\t\t\t\t<div class=\"elementor-post__meta-data\">\n\t\t\t\t\t<span class=\"elementor-post-date\">\n\t\t\t22 April, 2026\t\t<\/span>\n\t\t\t\t<\/div>\n\t\t\t\t<div class=\"elementor-post__excerpt\">\n\t\t\t<p>V\u0161etky firmy v oblasti kl\u00edmy a ob\u010danov poz\u00fdvame zapoji\u0165 sa do verejnej konzult\u00e1cie o Rev\u00edzii vn\u00fatro\u0161t\u00e1tnych cie\u013eov a n\u00e1strojov flexibility v r\u00e1mci politiky E\u00da v oblasti kl\u00edmy po roku 2030.<\/p>\n\t\t<\/div>\n\t\t\n\t\t<a class=\"elementor-post__read-more\" href=\"https:\/\/www.een.sk\/en\/verejna-konzultacia-o-revizii-vnutrostatnych-cielov-a-nastrojov-flexibility-v-ramci-politiky-eu-v-oblasti-klimy-po-roku-2030\" aria-label=\"Read more about Verejn\u00e1 konzult\u00e1cia o Rev\u00edzii vn\u00fatro\u0161t\u00e1tnych cie\u013eov a n\u00e1strojov flexibility v r\u00e1mci politiky E\u00da v oblasti kl\u00edmy po roku 2030\" tabindex=\"-1\" >\n\t\t\t\u010c\u00edta\u0165 viac \u00bb\t\t<\/a>\n\n\t\t\t\t<\/div>\n\t\t\t\t<\/article>\n\t\t\t\t<article class=\"elementor-post elementor-grid-item post-2223 post type-post status-publish format-standard has-post-thumbnail hentry category-aktuality\" role=\"listitem\">\n\t\t\t\t<a class=\"elementor-post__thumbnail__link\" href=\"https:\/\/www.een.sk\/en\/narodny-prieskum-vyslancov-msp-o-28-rezime\" tabindex=\"-1\" >\n\t\t\t<div class=\"elementor-post__thumbnail\"><img loading=\"lazy\" decoding=\"async\" width=\"3500\" height=\"2333\" src=\"https:\/\/www.een.sk\/wp-content\/uploads\/2026\/04\/pexels-anntarazevich-5697248.jpg\" class=\"attachment-full size-full wp-image-2225\" alt=\"\" \/><\/div>\n\t\t<\/a>\n\t\t\t\t<div class=\"elementor-post__text\">\n\t\t\t\t<h3 class=\"elementor-post__title\">\n\t\t\t<a href=\"https:\/\/www.een.sk\/en\/narodny-prieskum-vyslancov-msp-o-28-rezime\" >\n\t\t\t\tN\u00e1rodn\u00fd prieskum vyslancov MSP o 28. re\u017eime\t\t\t<\/a>\n\t\t<\/h3>\n\t\t\t\t<div class=\"elementor-post__meta-data\">\n\t\t\t\t\t<span class=\"elementor-post-date\">\n\t\t\t20 April, 2026\t\t<\/span>\n\t\t\t\t<\/div>\n\t\t\t\t<div class=\"elementor-post__excerpt\">\n\t\t\t<p>V\u0161etky firmy a obchodn\u00e9 zdru\u017eenia poz\u00fdvame zapoji\u0165 sa do N\u00e1rodn\u00e9ho prieskumu vyslancov MSP o 28. re\u017eime. Je to nov\u00e1 iniciat\u00edva E\u00da zameran\u00e1 na vytvorenie volite\u013en\u00e9ho, \u200b\u200bharmonizovan\u00e9ho pr\u00e1vneho r\u00e1mca, ktor\u00fd si<\/p>\n\t\t<\/div>\n\t\t\n\t\t<a class=\"elementor-post__read-more\" href=\"https:\/\/www.een.sk\/en\/narodny-prieskum-vyslancov-msp-o-28-rezime\" aria-label=\"Read more about N\u00e1rodn\u00fd prieskum vyslancov MSP o 28. re\u017eime\" tabindex=\"-1\" >\n\t\t\t\u010c\u00edta\u0165 viac \u00bb\t\t<\/a>\n\n\t\t\t\t<\/div>\n\t\t\t\t<\/article>\n\t\t\t\t<article class=\"elementor-post elementor-grid-item post-2234 post type-post status-publish format-standard has-post-thumbnail hentry category-aktuality\" role=\"listitem\">\n\t\t\t\t<a class=\"elementor-post__thumbnail__link\" href=\"https:\/\/www.een.sk\/en\/predstavili-sme-podporu-pre-podnikatelky-na-podujati-we-circular-v-bratislave\" tabindex=\"-1\" >\n\t\t\t<div class=\"elementor-post__thumbnail\"><img loading=\"lazy\" decoding=\"async\" width=\"600\" height=\"307\" src=\"https:\/\/www.een.sk\/wp-content\/uploads\/2026\/04\/clanok-we-circular-1_mensie.png\" class=\"attachment-full size-full wp-image-2241\" alt=\"\" \/><\/div>\n\t\t<\/a>\n\t\t\t\t<div class=\"elementor-post__text\">\n\t\t\t\t<h3 class=\"elementor-post__title\">\n\t\t\t<a href=\"https:\/\/www.een.sk\/en\/predstavili-sme-podporu-pre-podnikatelky-na-podujati-we-circular-v-bratislave\" >\n\t\t\t\tPredstavili sme podporu pre podnikate\u013eky na podujat\u00ed WE.Circular v Bratislave\t\t\t<\/a>\n\t\t<\/h3>\n\t\t\t\t<div class=\"elementor-post__meta-data\">\n\t\t\t\t\t<span class=\"elementor-post-date\">\n\t\t\t20 April, 2026\t\t<\/span>\n\t\t\t\t<\/div>\n\t\t\t\t<div class=\"elementor-post__excerpt\">\n\t\t\t<p>D\u0148a 25. marca 2026 sa v Bratislave uskuto\u010dnilo medzin\u00e1rodn\u00e9 podujatie\u00a0WE.Circular Pop-up Store Event, ktor\u00e9 zorganizovala\u00a0Slovak Business Agency. Podujatie spojilo \u017eeny podnikate\u013eky, odborn\u00ed\u010dky, inov\u00e1torky a partnerov z viacer\u00fdch kraj\u00edn dunajsk\u00e9ho regi\u00f3nu.<\/p>\n\t\t<\/div>\n\t\t\n\t\t<a class=\"elementor-post__read-more\" href=\"https:\/\/www.een.sk\/en\/predstavili-sme-podporu-pre-podnikatelky-na-podujati-we-circular-v-bratislave\" aria-label=\"Read more about Predstavili sme podporu pre podnikate\u013eky na podujat\u00ed WE.Circular v Bratislave\" tabindex=\"-1\" >\n\t\t\t\u010c\u00edta\u0165 viac \u00bb\t\t<\/a>\n\n\t\t\t\t<\/div>\n\t\t\t\t<\/article>\n\t\t\t\t<article class=\"elementor-post elementor-grid-item post-2219 post type-post status-publish format-standard has-post-thumbnail hentry category-aktuality\" role=\"listitem\">\n\t\t\t\t<a class=\"elementor-post__thumbnail__link\" href=\"https:\/\/www.een.sk\/en\/cbe-ju-2026-vyzva-na-predkladenie-narhov\" tabindex=\"-1\" >\n\t\t\t<div class=\"elementor-post__thumbnail\"><img loading=\"lazy\" decoding=\"async\" width=\"5527\" height=\"3685\" src=\"https:\/\/www.een.sk\/wp-content\/uploads\/2026\/04\/EEN_agrofood.jpg\" class=\"attachment-full size-full wp-image-2220\" alt=\"\" \/><\/div>\n\t\t<\/a>\n\t\t\t\t<div class=\"elementor-post__text\">\n\t\t\t\t<h3 class=\"elementor-post__title\">\n\t\t\t<a href=\"https:\/\/www.een.sk\/en\/cbe-ju-2026-vyzva-na-predkladenie-narhov\" >\n\t\t\t\tCBE JU 2026 \u2013 v\u00fdzva na predkladenie n\u00e1rhov\t\t\t<\/a>\n\t\t<\/h3>\n\t\t\t\t<div class=\"elementor-post__meta-data\">\n\t\t\t\t\t<span class=\"elementor-post-date\">\n\t\t\t17 April, 2026\t\t<\/span>\n\t\t\t\t<\/div>\n\t\t\t\t<div class=\"elementor-post__excerpt\">\n\t\t\t<p>CBE JU 2026: 170 mili\u00f3nov \u20ac na rozvoj biohospod\u00e1rstva Spolo\u010dn\u00fd podnik Circular Bio-based Europe (CBE JU) otvoril nov\u00fa v\u00fdzvu na predkladanie n\u00e1vrhov projektov v r\u00e1mci programu Horizont Eur\u00f3pa s celkov\u00fdm<\/p>\n\t\t<\/div>\n\t\t\n\t\t<a class=\"elementor-post__read-more\" href=\"https:\/\/www.een.sk\/en\/cbe-ju-2026-vyzva-na-predkladenie-narhov\" aria-label=\"Read more about CBE JU 2026 \u2013 v\u00fdzva na predkladenie n\u00e1rhov\" tabindex=\"-1\" >\n\t\t\t\u010c\u00edta\u0165 viac \u00bb\t\t<\/a>\n\n\t\t\t\t<\/div>\n\t\t\t\t<\/article>\n\t\t\t\t<article class=\"elementor-post elementor-grid-item post-2216 post type-post status-publish format-standard has-post-thumbnail hentry category-aktuality\" role=\"listitem\">\n\t\t\t\t<a class=\"elementor-post__thumbnail__link\" href=\"https:\/\/www.een.sk\/en\/horizon-widera-2026-01-widening-01-teaming-synergies\" tabindex=\"-1\" >\n\t\t\t<div class=\"elementor-post__thumbnail\"><img loading=\"lazy\" decoding=\"async\" width=\"5000\" height=\"2995\" src=\"https:\/\/www.een.sk\/wp-content\/uploads\/2026\/04\/abstract_tab_lr.jpg\" class=\"attachment-full size-full wp-image-2217\" alt=\"\" \/><\/div>\n\t\t<\/a>\n\t\t\t\t<div class=\"elementor-post__text\">\n\t\t\t\t<h3 class=\"elementor-post__title\">\n\t\t\t<a href=\"https:\/\/www.een.sk\/en\/horizon-widera-2026-01-widening-01-teaming-synergies\" >\n\t\t\t\tHORIZON-WIDERA-2026-01-WIDENING-01: Teaming Synergies\t\t\t<\/a>\n\t\t<\/h3>\n\t\t\t\t<div class=\"elementor-post__meta-data\">\n\t\t\t\t\t<span class=\"elementor-post-date\">\n\t\t\t17 April, 2026\t\t<\/span>\n\t\t\t\t<\/div>\n\t\t\t\t<div class=\"elementor-post__excerpt\">\n\t\t\t<p>Ste s\u00fa\u010das\u0165ou Teaming Centre of Excellence alebo spolupracujete s centrami vzniknut\u00fdmi v r\u00e1mci Teaming v\u00fdziev programu Horizont Eur\u00f3pa alebo Horizont 2020. Prem\u00fd\u0161\u013eate nad t\u00fdm, ako zabezpe\u010di\u0165 dlhodob\u00fa udr\u017eate\u013enos\u0165 v\u00e1\u0161ho centra,<\/p>\n\t\t<\/div>\n\t\t\n\t\t<a class=\"elementor-post__read-more\" href=\"https:\/\/www.een.sk\/en\/horizon-widera-2026-01-widening-01-teaming-synergies\" aria-label=\"Read more about HORIZON-WIDERA-2026-01-WIDENING-01: Teaming Synergies\" tabindex=\"-1\" >\n\t\t\t\u010c\u00edta\u0165 viac \u00bb\t\t<\/a>\n\n\t\t\t\t<\/div>\n\t\t\t\t<\/article>\n\t\t\t\t<article class=\"elementor-post elementor-grid-item post-2213 post type-post status-publish format-standard has-post-thumbnail hentry category-aktuality\" role=\"listitem\">\n\t\t\t\t<a class=\"elementor-post__thumbnail__link\" href=\"https:\/\/www.een.sk\/en\/vyzvy-chips-ju-2026-strategicke-investicie-do-polovodicov-ai-a-kvantovych-technologii\" tabindex=\"-1\" >\n\t\t\t<div class=\"elementor-post__thumbnail\"><img loading=\"lazy\" decoding=\"async\" width=\"1382\" height=\"922\" src=\"https:\/\/www.een.sk\/wp-content\/uploads\/2026\/04\/Abstract-connections2_low.jpg\" class=\"attachment-full size-full wp-image-2214\" alt=\"\" \/><\/div>\n\t\t<\/a>\n\t\t\t\t<div class=\"elementor-post__text\">\n\t\t\t\t<h3 class=\"elementor-post__title\">\n\t\t\t<a href=\"https:\/\/www.een.sk\/en\/vyzvy-chips-ju-2026-strategicke-investicie-do-polovodicov-ai-a-kvantovych-technologii\" >\n\t\t\t\tV\u00fdzvy Chips JU 2026: Strategick\u00e9 invest\u00edcie do polovodi\u010dov, AI a kvantov\u00fdch technol\u00f3gi\u00ed\t\t\t<\/a>\n\t\t<\/h3>\n\t\t\t\t<div class=\"elementor-post__meta-data\">\n\t\t\t\t\t<span class=\"elementor-post-date\">\n\t\t\t17 April, 2026\t\t<\/span>\n\t\t\t\t<\/div>\n\t\t\t\t<div class=\"elementor-post__excerpt\">\n\t\t\t<p>Program&nbsp;Chips Joint Undertaking (Chips JU)&nbsp;v roku 2026 otv\u00e1ra rozsiahly bal\u00edk v\u00fdziev zameran\u00fdch na posilnenie technologickej suverenity Eur\u00f3pskej \u00fanie v oblasti polovodi\u010dov a elektronick\u00fdch syst\u00e9mov. V\u00fdzvy pokr\u00fdvaj\u00fa cel\u00fd hodnotov\u00fd re\u0165azec \u2013<\/p>\n\t\t<\/div>\n\t\t\n\t\t<a class=\"elementor-post__read-more\" href=\"https:\/\/www.een.sk\/en\/vyzvy-chips-ju-2026-strategicke-investicie-do-polovodicov-ai-a-kvantovych-technologii\" aria-label=\"Read more about V\u00fdzvy Chips JU 2026: Strategick\u00e9 invest\u00edcie do polovodi\u010dov, AI a kvantov\u00fdch technol\u00f3gi\u00ed\" tabindex=\"-1\" >\n\t\t\t\u010c\u00edta\u0165 viac \u00bb\t\t<\/a>\n\n\t\t\t\t<\/div>\n\t\t\t\t<\/article>\n\t\t\t\t<article class=\"elementor-post elementor-grid-item post-2210 post type-post status-publish format-standard has-post-thumbnail hentry category-aktuality\" role=\"listitem\">\n\t\t\t\t<a class=\"elementor-post__thumbnail__link\" href=\"https:\/\/www.een.sk\/en\/program-agile-v-hodnote-115-milionov-eur-na-inovacie-v-obrane\" tabindex=\"-1\" >\n\t\t\t<div class=\"elementor-post__thumbnail\"><img loading=\"lazy\" decoding=\"async\" width=\"768\" height=\"432\" src=\"https:\/\/www.een.sk\/wp-content\/uploads\/2026\/04\/AGILE-webbanner-768x432-1.png\" class=\"attachment-full size-full wp-image-2211\" alt=\"\" \/><\/div>\n\t\t<\/a>\n\t\t\t\t<div class=\"elementor-post__text\">\n\t\t\t\t<h3 class=\"elementor-post__title\">\n\t\t\t<a href=\"https:\/\/www.een.sk\/en\/program-agile-v-hodnote-115-milionov-eur-na-inovacie-v-obrane\" >\n\t\t\t\tProgram AGILE v hodnote 115 mili\u00f3nov eur na inov\u00e1cie v obrane\t\t\t<\/a>\n\t\t<\/h3>\n\t\t\t\t<div class=\"elementor-post__meta-data\">\n\t\t\t\t\t<span class=\"elementor-post-date\">\n\t\t\t17 April, 2026\t\t<\/span>\n\t\t\t\t<\/div>\n\t\t\t\t<div class=\"elementor-post__excerpt\">\n\t\t\t<p>Eur\u00f3pska komisia predstavila 25. marca 2026 nov\u00fd finan\u010dn\u00fd n\u00e1stroj AGILE v hodnote 115 mili\u00f3nov eur, ktor\u00e9ho cie\u013eom je v rekordnom \u010dase prinies\u0165 prevratn\u00e9 obrann\u00e9 technol\u00f3gie z laborat\u00f3ri\u00ed do praxe.Tento pilotn\u00fd<\/p>\n\t\t<\/div>\n\t\t\n\t\t<a class=\"elementor-post__read-more\" href=\"https:\/\/www.een.sk\/en\/program-agile-v-hodnote-115-milionov-eur-na-inovacie-v-obrane\" aria-label=\"Read more about Program AGILE v hodnote 115 mili\u00f3nov eur na inov\u00e1cie v obrane\" tabindex=\"-1\" >\n\t\t\t\u010c\u00edta\u0165 viac \u00bb\t\t<\/a>\n\n\t\t\t\t<\/div>\n\t\t\t\t<\/article>\n\t\t\t\t<article class=\"elementor-post elementor-grid-item post-2207 post type-post status-publish format-standard has-post-thumbnail hentry category-aktuality\" role=\"listitem\">\n\t\t\t\t<a class=\"elementor-post__thumbnail__link\" href=\"https:\/\/www.een.sk\/en\/co-je-dolezite-pri-tvorbe-konzorcia\" tabindex=\"-1\" >\n\t\t\t<div class=\"elementor-post__thumbnail\"><img loading=\"lazy\" decoding=\"async\" width=\"2121\" height=\"1413\" src=\"https:\/\/www.een.sk\/wp-content\/uploads\/2026\/04\/iStock-1303391858.jpg\" class=\"attachment-full size-full wp-image-2208\" alt=\"\" \/><\/div>\n\t\t<\/a>\n\t\t\t\t<div class=\"elementor-post__text\">\n\t\t\t\t<h3 class=\"elementor-post__title\">\n\t\t\t<a href=\"https:\/\/www.een.sk\/en\/co-je-dolezite-pri-tvorbe-konzorcia\" >\n\t\t\t\t\u010co je d\u00f4le\u017eit\u00e9 pri tvorbe konzorcia?\t\t\t<\/a>\n\t\t<\/h3>\n\t\t\t\t<div class=\"elementor-post__meta-data\">\n\t\t\t\t\t<span class=\"elementor-post-date\">\n\t\t\t17 April, 2026\t\t<\/span>\n\t\t\t\t<\/div>\n\t\t\t\t<div class=\"elementor-post__excerpt\">\n\t\t\t<p>Zapojenie sa do programu Horizont Eur\u00f3pa dnes nestoj\u00ed len na kvalitnom n\u00e1pade, ale predov\u0161etk\u00fdm na tom, s k\u00fdm ho pripravujete. V praxi toti\u017e pr\u00e1ve partneri rozhoduj\u00fa o tom, \u010di sa<\/p>\n\t\t<\/div>\n\t\t\n\t\t<a class=\"elementor-post__read-more\" href=\"https:\/\/www.een.sk\/en\/co-je-dolezite-pri-tvorbe-konzorcia\" aria-label=\"Read more about \u010co je d\u00f4le\u017eit\u00e9 pri tvorbe konzorcia?\" tabindex=\"-1\" >\n\t\t\t\u010c\u00edta\u0165 viac \u00bb\t\t<\/a>\n\n\t\t\t\t<\/div>\n\t\t\t\t<\/article>\n\t\t\t\t<article class=\"elementor-post elementor-grid-item post-2204 post type-post status-publish format-standard has-post-thumbnail hentry category-aktuality\" role=\"listitem\">\n\t\t\t\t<a class=\"elementor-post__thumbnail__link\" href=\"https:\/\/www.een.sk\/en\/ako-prepojit-mesta-regiony-a-inovacie-v-doprave-dozviete-sa-na-urban-mobility-day-2026\" tabindex=\"-1\" >\n\t\t\t<div class=\"elementor-post__thumbnail\"><img loading=\"lazy\" decoding=\"async\" width=\"1684\" height=\"1123\" src=\"https:\/\/www.een.sk\/wp-content\/uploads\/2026\/04\/iStock-501547833-1.jpg\" class=\"attachment-full size-full wp-image-2205\" alt=\"\" \/><\/div>\n\t\t<\/a>\n\t\t\t\t<div class=\"elementor-post__text\">\n\t\t\t\t<h3 class=\"elementor-post__title\">\n\t\t\t<a href=\"https:\/\/www.een.sk\/en\/ako-prepojit-mesta-regiony-a-inovacie-v-doprave-dozviete-sa-na-urban-mobility-day-2026\" >\n\t\t\t\tAko prepoji\u0165 mest\u00e1, regi\u00f3ny a inov\u00e1cie v doprave? Dozviete sa na\u00a0Urban Mobility Day 2026\t\t\t<\/a>\n\t\t<\/h3>\n\t\t\t\t<div class=\"elementor-post__meta-data\">\n\t\t\t\t\t<span class=\"elementor-post-date\">\n\t\t\t17 April, 2026\t\t<\/span>\n\t\t\t\t<\/div>\n\t\t\t\t<div class=\"elementor-post__excerpt\">\n\t\t\t<p>U\u017e 22. apr\u00edla sa sa bude kona\u0165 podujatie venovan\u00e9 bud\u00facnosti udr\u017eate\u013enej a modernej mestskej mobility na Slovensku. \u010cak\u00e1 v\u00e1s panelov\u00e1 diskusia, networking a v\u00fdmena sk\u00fasenost\u00ed s odborn\u00edkmi zo s\u00fakromn\u00e9ho aj<\/p>\n\t\t<\/div>\n\t\t\n\t\t<a class=\"elementor-post__read-more\" href=\"https:\/\/www.een.sk\/en\/ako-prepojit-mesta-regiony-a-inovacie-v-doprave-dozviete-sa-na-urban-mobility-day-2026\" aria-label=\"Read more about Ako prepoji\u0165 mest\u00e1, regi\u00f3ny a inov\u00e1cie v doprave? Dozviete sa na\u00a0Urban Mobility Day 2026\" tabindex=\"-1\" >\n\t\t\t\u010c\u00edta\u0165 viac \u00bb\t\t<\/a>\n\n\t\t\t\t<\/div>\n\t\t\t\t<\/article>\n\t\t\t\t<article class=\"elementor-post elementor-grid-item post-2192 post type-post status-publish format-standard has-post-thumbnail hentry category-aktuality\" role=\"listitem\">\n\t\t\t\t<a class=\"elementor-post__thumbnail__link\" href=\"https:\/\/www.een.sk\/en\/panelovy-prieskum-msp-o-preskumani-nariadenia-eu-o-normalizacii-standardizacii\" tabindex=\"-1\" >\n\t\t\t<div class=\"elementor-post__thumbnail\"><img loading=\"lazy\" decoding=\"async\" width=\"3999\" height=\"2667\" src=\"https:\/\/www.een.sk\/wp-content\/uploads\/2026\/04\/pexels-markus-winkler-1430818-19813733.jpg\" class=\"attachment-full size-full wp-image-2193\" alt=\"\" \/><\/div>\n\t\t<\/a>\n\t\t\t\t<div class=\"elementor-post__text\">\n\t\t\t\t<h3 class=\"elementor-post__title\">\n\t\t\t<a href=\"https:\/\/www.een.sk\/en\/panelovy-prieskum-msp-o-preskumani-nariadenia-eu-o-normalizacii-standardizacii\" >\n\t\t\t\tPanelov\u00fd prieskum MSP o presk\u00faman\u00ed nariadenia E\u00da o normaliz\u00e1cii (\u0161tandardiz\u00e1cii)\t\t\t<\/a>\n\t\t<\/h3>\n\t\t\t\t<div class=\"elementor-post__meta-data\">\n\t\t\t\t\t<span class=\"elementor-post-date\">\n\t\t\t13 April, 2026\t\t<\/span>\n\t\t\t\t<\/div>\n\t\t\t\t<div class=\"elementor-post__excerpt\">\n\t\t\t<p>Vz\u0165ahuj\u00fa sa na v\u00e1s ot\u00e1zky eur\u00f3pskeho syst\u00e9mu normaliz\u00e1cie (ESS)? Tento cielen\u00fd prieskum je s\u00fa\u010das\u0165ou konzult\u00e1cie k pos\u00fadeniu vplyvu a k rev\u00edzii nariadenia E\u00da o normaliz\u00e1cii \u010d. 1025\/2012. Cie\u013eom \u0161t\u00fadie je<\/p>\n\t\t<\/div>\n\t\t\n\t\t<a class=\"elementor-post__read-more\" href=\"https:\/\/www.een.sk\/en\/panelovy-prieskum-msp-o-preskumani-nariadenia-eu-o-normalizacii-standardizacii\" aria-label=\"Read more about Panelov\u00fd prieskum MSP o presk\u00faman\u00ed nariadenia E\u00da o normaliz\u00e1cii (\u0161tandardiz\u00e1cii)\" tabindex=\"-1\" >\n\t\t\t\u010c\u00edta\u0165 viac \u00bb\t\t<\/a>\n\n\t\t\t\t<\/div>\n\t\t\t\t<\/article>\n\t\t\t\t<\/div>\n\t\t\t\t\t<span class=\"e-load-more-spinner\">\n\t\t\t\t<svg aria-hidden=\"true\" class=\"e-font-icon-svg e-fas-spinner\" viewbox=\"0 0 512 512\" xmlns=\"http:\/\/www.w3.org\/2000\/svg\"><path d=\"M304 48c0 26.51-21.49 48-48 48s-48-21.49-48-48 21.49-48 48-48 48 21.49 48 48zm-48 368c-26.51 0-48 21.49-48 48s21.49 48 48 48 48-21.49 48-48-21.49-48-48-48zm208-208c-26.51 0-48 21.49-48 48s21.49 48 48 48 48-21.49 48-48-21.49-48-48-48zM96 256c0-26.51-21.49-48-48-48S0 229.49 0 256s21.49 48 48 48 48-21.49 48-48zm12.922 99.078c-26.51 0-48 21.49-48 48s21.49 48 48 48 48-21.49 48-48c0-26.509-21.491-48-48-48zm294.156 0c-26.51 0-48 21.49-48 48s21.49 48 48 48 48-21.49 48-48c0-26.509-21.49-48-48-48zM108.922 60.922c-26.51 0-48 21.49-48 48s21.49 48 48 48 48-21.49 48-48-21.491-48-48-48z\"><\/path><\/svg>\t\t\t<\/span>\n\t\t\n\t\t\t\t<div class=\"e-load-more-anchor\" data-page=\"1\" data-max-page=\"7\" data-next-page=\"https:\/\/www.een.sk\/en\/wp-json\/wp\/v2\/pages\/230\/page\/2\"><\/div>\n\t\t\t\t<div class=\"e-load-more-message\"><\/div>\n\t\t\t\t\t\t<\/div>\n\t\t\t\t<\/div>\n\t\t\t\t\t<\/div>\n\t\t\t\t<\/div>\n\t\t\t\t<\/div>","protected":false},"excerpt":{"rendered":"","protected":false},"author":1,"featured_media":0,"parent":0,"menu_order":0,"comment_status":"closed","ping_status":"closed","template":"elementor_header_footer","meta":{"jetpack_post_was_ever_published":false,"footnotes":""},"class_list":["post-230","page","type-page","status-publish","hentry"],"yoast_head":"<!-- This site is optimized with the Yoast SEO plugin v26.0 - https:\/\/yoast.com\/wordpress\/plugins\/seo\/ -->\n<title>Aktuality - Enterprise Europe Network<\/title>\n<meta name=\"robots\" content=\"index, follow, max-snippet:-1, max-image-preview:large, max-video-preview:-1\" \/>\n<link rel=\"canonical\" href=\"https:\/\/www.een.sk\/en\/aktuality\/\" \/>\n<meta property=\"og:locale\" content=\"en_GB\" \/>\n<meta property=\"og:type\" content=\"article\" \/>\n<meta property=\"og:title\" content=\"Aktuality - Enterprise Europe Network\" \/>\n<meta property=\"og:url\" content=\"https:\/\/www.een.sk\/en\/aktuality\/\" \/>\n<meta property=\"og:site_name\" content=\"Enterprise Europe Network\" \/>\n<meta property=\"article:modified_time\" content=\"2026-01-20T21:19:33+00:00\" \/>\n<meta name=\"twitter:card\" content=\"summary_large_image\" \/>\n<meta name=\"twitter:label1\" content=\"Estimated reading time\" \/>\n\t<meta name=\"twitter:data1\" content=\"9 minutes\" \/>\n<script type=\"application\/ld+json\" class=\"yoast-schema-graph\">{\"@context\":\"https:\/\/schema.org\",\"@graph\":[{\"@type\":\"WebPage\",\"@id\":\"https:\/\/www.een.sk\/aktuality\",\"url\":\"https:\/\/www.een.sk\/aktuality\",\"name\":\"Aktuality - Enterprise Europe Network\",\"isPartOf\":{\"@id\":\"https:\/\/www.een.sk\/#website\"},\"datePublished\":\"2025-10-11T22:55:38+00:00\",\"dateModified\":\"2026-01-20T21:19:33+00:00\",\"breadcrumb\":{\"@id\":\"https:\/\/www.een.sk\/aktuality#breadcrumb\"},\"inLanguage\":\"en-GB\",\"potentialAction\":[{\"@type\":\"ReadAction\",\"target\":[\"https:\/\/www.een.sk\/aktuality\"]}]},{\"@type\":\"BreadcrumbList\",\"@id\":\"https:\/\/www.een.sk\/aktuality#breadcrumb\",\"itemListElement\":[{\"@type\":\"ListItem\",\"position\":1,\"name\":\"Domovsk\u00e1 str\u00e1nka\",\"item\":\"https:\/\/www.een.sk\/\"},{\"@type\":\"ListItem\",\"position\":2,\"name\":\"Aktuality\"}]},{\"@type\":\"WebSite\",\"@id\":\"https:\/\/www.een.sk\/#website\",\"url\":\"https:\/\/www.een.sk\/\",\"name\":\"Enterprise Europe Network\",\"description\":\"Pom\u00e1hame V\u00e1m inovova\u0165 a medzin\u00e1rodne r\u00e1s\u0165\",\"publisher\":{\"@id\":\"https:\/\/www.een.sk\/#organization\"},\"potentialAction\":[{\"@type\":\"SearchAction\",\"target\":{\"@type\":\"EntryPoint\",\"urlTemplate\":\"https:\/\/www.een.sk\/?s={search_term_string}\"},\"query-input\":{\"@type\":\"PropertyValueSpecification\",\"valueRequired\":true,\"valueName\":\"search_term_string\"}}],\"inLanguage\":\"en-GB\"},{\"@type\":\"Organization\",\"@id\":\"https:\/\/www.een.sk\/#organization\",\"name\":\"Enterprise Europe Network\",\"url\":\"https:\/\/www.een.sk\/\",\"logo\":{\"@type\":\"ImageObject\",\"inLanguage\":\"en-GB\",\"@id\":\"https:\/\/www.een.sk\/#\/schema\/logo\/image\/\",\"url\":\"https:\/\/www.een.sk\/wp-content\/uploads\/2025\/10\/EEN.png\",\"contentUrl\":\"https:\/\/www.een.sk\/wp-content\/uploads\/2025\/10\/EEN.png\",\"width\":851,\"height\":300,\"caption\":\"Enterprise Europe Network\"},\"image\":{\"@id\":\"https:\/\/www.een.sk\/#\/schema\/logo\/image\/\"}}]}<\/script>\n<!-- \/ Yoast SEO plugin. -->","yoast_head_json":{"title":"Aktuality - Enterprise Europe Network","robots":{"index":"index","follow":"follow","max-snippet":"max-snippet:-1","max-image-preview":"max-image-preview:large","max-video-preview":"max-video-preview:-1"},"canonical":"https:\/\/www.een.sk\/en\/aktuality\/","og_locale":"en_GB","og_type":"article","og_title":"Aktuality - Enterprise Europe Network","og_url":"https:\/\/www.een.sk\/en\/aktuality\/","og_site_name":"Enterprise Europe Network","article_modified_time":"2026-01-20T21:19:33+00:00","twitter_card":"summary_large_image","twitter_misc":{"Estimated reading time":"9 minutes"},"schema":{"@context":"https:\/\/schema.org","@graph":[{"@type":"WebPage","@id":"https:\/\/www.een.sk\/aktuality","url":"https:\/\/www.een.sk\/aktuality","name":"Aktuality - Enterprise Europe Network","isPartOf":{"@id":"https:\/\/www.een.sk\/#website"},"datePublished":"2025-10-11T22:55:38+00:00","dateModified":"2026-01-20T21:19:33+00:00","breadcrumb":{"@id":"https:\/\/www.een.sk\/aktuality#breadcrumb"},"inLanguage":"en-GB","potentialAction":[{"@type":"ReadAction","target":["https:\/\/www.een.sk\/aktuality"]}]},{"@type":"BreadcrumbList","@id":"https:\/\/www.een.sk\/aktuality#breadcrumb","itemListElement":[{"@type":"ListItem","position":1,"name":"Domovsk\u00e1 str\u00e1nka","item":"https:\/\/www.een.sk\/"},{"@type":"ListItem","position":2,"name":"Aktuality"}]},{"@type":"WebSite","@id":"https:\/\/www.een.sk\/#website","url":"https:\/\/www.een.sk\/","name":"Enterprise Europe Network","description":"Pom\u00e1hame V\u00e1m inovova\u0165 a medzin\u00e1rodne r\u00e1s\u0165","publisher":{"@id":"https:\/\/www.een.sk\/#organization"},"potentialAction":[{"@type":"SearchAction","target":{"@type":"EntryPoint","urlTemplate":"https:\/\/www.een.sk\/?s={search_term_string}"},"query-input":{"@type":"PropertyValueSpecification","valueRequired":true,"valueName":"search_term_string"}}],"inLanguage":"en-GB"},{"@type":"Organization","@id":"https:\/\/www.een.sk\/#organization","name":"Enterprise Europe Network","url":"https:\/\/www.een.sk\/","logo":{"@type":"ImageObject","inLanguage":"en-GB","@id":"https:\/\/www.een.sk\/#\/schema\/logo\/image\/","url":"https:\/\/www.een.sk\/wp-content\/uploads\/2025\/10\/EEN.png","contentUrl":"https:\/\/www.een.sk\/wp-content\/uploads\/2025\/10\/EEN.png","width":851,"height":300,"caption":"Enterprise Europe Network"},"image":{"@id":"https:\/\/www.een.sk\/#\/schema\/logo\/image\/"}}]}},"jetpack_sharing_enabled":true,"_links":{"self":[{"href":"https:\/\/www.een.sk\/en\/wp-json\/wp\/v2\/pages\/230","targetHints":{"allow":["GET"]}}],"collection":[{"href":"https:\/\/www.een.sk\/en\/wp-json\/wp\/v2\/pages"}],"about":[{"href":"https:\/\/www.een.sk\/en\/wp-json\/wp\/v2\/types\/page"}],"author":[{"embeddable":true,"href":"https:\/\/www.een.sk\/en\/wp-json\/wp\/v2\/users\/1"}],"replies":[{"embeddable":true,"href":"https:\/\/www.een.sk\/en\/wp-json\/wp\/v2\/comments?post=230"}],"version-history":[{"count":31,"href":"https:\/\/www.een.sk\/en\/wp-json\/wp\/v2\/pages\/230\/revisions"}],"predecessor-version":[{"id":1674,"href":"https:\/\/www.een.sk\/en\/wp-json\/wp\/v2\/pages\/230\/revisions\/1674"}],"wp:attachment":[{"href":"https:\/\/www.een.sk\/en\/wp-json\/wp\/v2\/media?parent=230"}],"curies":[{"name":"wp","href":"https:\/\/api.w.org\/{rel}","templated":true}]}}