{"id":1952,"date":"2026-02-26T14:24:10","date_gmt":"2026-02-26T13:24:10","guid":{"rendered":"https:\/\/www.een.sk\/?post_type=tribe_events&#038;p=1952"},"modified":"2026-03-25T09:07:01","modified_gmt":"2026-03-25T08:07:01","slug":"konferencia-kyberneticka-bezpecnost-v-regionoch-zapadne-slovensko-2026","status":"publish","type":"tribe_events","link":"https:\/\/www.een.sk\/en\/podujatie\/konferencia-kyberneticka-bezpecnost-v-regionoch-zapadne-slovensko-2026","title":{"rendered":"Konferencia Kybernetick\u00e1 bezpe\u010dnos\u0165 v regi\u00f3noch- Z\u00e1padn\u00e9 Slovensko 2026"},"content":{"rendered":"<p>Slovensk\u00e1 obchodn\u00e1 a priemyseln\u00e1 komora spolu s partnermi\u00a0N\u00e1rodn\u00ed klastrov\u00e1 asociace, Stredoeur\u00f3pske zoskupenie <a href=\"https:\/\/cedeg.eu\/\">CEDEG<\/a> a \u010fal\u0161\u00edmi V\u00e1s poz\u00fdvaj\u00fa na konferenciu Kybernetick\u00e1 bezpe\u010dnos\u0165 v regi\u00f3noch- Z\u00e1padn\u00e9 Slovensko 2026.<\/p>\n<p><strong>Term\u00edn: <\/strong>8.4. 2026<strong> \u00a0 \u010cas:<\/strong> 9.00 \u2013 14.00 h\u00a0\u00a0\u00a0 <strong>Miesto:<\/strong> <a href=\"https:\/\/www.hotelelizabeth.sk\/\">hotel Elizabeth,<\/a> Tren\u010d\u00edn<\/p>\n<p>Konferencia bude venovan\u00e1 praktick\u00fdm rie\u0161eniam, odpor\u00fa\u010daniam a prezent\u00e1ci\u00e1m najnov\u0161\u00edch dostupn\u00fdch rie\u0161en\u00ed:<\/p>\n<ul>\n<li>Nov\u00e1 smernica NIS2 a schopnos\u0165 firiem a organiz\u00e1ci\u00ed rie\u0161i\u0165 kybernetick\u00fa bezpe\u010dnos\u0165<\/li>\n<li>Sk\u00fasenosti s \u00fatokmi ransomware a zmena situ\u00e1cie v jeho type zamerania, frekvencie a\u00a0\u0161\u00edrenia<\/li>\n<li>Centraliz\u00e1cia v\u0161etk\u00fdch logov, ako sa k tomu postavi\u0165<\/li>\n<li>Praktick\u00e9 sk\u00fasenosti z nasadenia syst\u00e9mu kvantovej distrib\u00facie k\u013e\u00fa\u010dov v optickej sieti<\/li>\n<li>Bezpe\u010dnos\u0165 optick\u00fdch vl\u00e1knov\u00fdch infra\u0161trukt\u00far<\/li>\n<li>Ako prebieha a \u010do v\u00e1m m\u00f4\u017ee prinies\u0165 RedTeaming?<\/li>\n<li>Aktu\u00e1lne technologick\u00e9 updaty<\/li>\n<li>Ako zaisti\u0165 optim\u00e1lnu bezpe\u010dnos\u0165 aplik\u00e1ci\u00ed, SIEM a \u010fal\u0161ie?<\/li>\n<li>Vzdel\u00e1vanie bud\u00facich \u0161pecialistov kyberbezpe\u010dnosti pre potreby firiem a organiz\u00e1ci\u00ed v\u00a0regi\u00f3ne<\/li>\n<\/ul>\n<p>&nbsp;<\/p>\n<p><strong>R\u00e1mcov\u00fd program:<\/strong><\/p>\n<ul>\n<li>\u00davodn\u00e9 slovo za CEDEG; Ivo \u0158\u00edha, p\u0159edseda p\u0159edstavenstva, <a href=\"https:\/\/cedeg.eu\/\">CEDEG<\/a><\/li>\n<li>ITSM jako nutn\u00fd z\u00e1klad pro kyberbezpe\u010dnost; Zden\u011bk Jel\u00ednek, <a href=\"https:\/\/www.alvao.com\/cs\/\">ALVAO s.r.o.<\/a><\/li>\n<li>Pre\u010do automatizova\u0165 riadenie ident\u00edt a\u00a0pr\u00edstupov; Peter Csicsay, <a href=\"https:\/\/inalogy.com\/\">Inalogy a.s.<\/a><\/li>\n<li>M\u00e1te sv\u00e9 logy pod kontrolou?; Jan Kalabus, <a href=\"https:\/\/logmanager.com\/cs\/\">Logmanager a.s.<\/a><\/li>\n<li>Um\u011bl\u00e1 inteligence v kybernetick\u00e9 bezpe\u010dnosti Petr Chmela\u0159, <a href=\"https:\/\/www.resistine.de\/\">Resistine<\/a><\/li>\n<li>Ako postavi\u0165 nevidite\u013en\u00fa sie\u0165, ktor\u00e1 meria v\u00fdkon va\u0161ich aplik\u00e1ci\u00ed; Peter Majer\u010d\u00e1k, <a href=\"https:\/\/www.extremenetworks.com\/\">Extreme Networks<\/a><\/li>\n<li>AI v ERP: Jak v\u00e1m m\u016f\u017ee pomoci?; Jan Kr\u00e1l\u00ed\u010dek, <a href=\"https:\/\/infoconsulting.com\/cs\/\">InfoConsulting Czech and Slovakia<\/a><\/li>\n<li>Efektivn\u00ed kybernetick\u00e9 zabezpe\u010den\u00ed ve firm\u00e1ch a\u00a0organizac\u00edch; Dominik Mal\u010d\u00edk, <a href=\"https:\/\/redamp.io\/en\/\">REDAMP SECURITYs.r.o.<\/a><\/li>\n<li>Slu\u017eny <a href=\"https:\/\/www.een.sk\/en\/\">Enterprise Euro\u00f4pe Network<\/a>; J\u00e1n V\u00e1clav, <a href=\"https:\/\/www.sopk.sk\/tn\">SOPK<\/a><\/li>\n<li>Neform\u00e1lny networking<\/li>\n<\/ul>\n<p>Odborn\u00fd program sa priebe\u017ene dop\u013a\u0148a.<br \/>\nV priebehu podujatia bud\u00fa paralelne s\u00a0programom poskytovan\u00e9 konzult\u00e1cie k prezentovan\u00fdm t\u00e9mam.<\/p>\n<p><strong>Pre ak\u00fa cie\u013eov\u00fa skupinu je konferencia ur\u010den\u00e1:<\/strong><strong>:<\/strong><br \/>\nPodujatie je ur\u010den\u00e9 prim\u00e1rne pre firmy, verejn\u00fa spr\u00e1vu a samospr\u00e1vu. \u0160tatut\u00e1ri, ved\u00faci predstavitelia mana\u017ementu, ved\u00faci IT bezpe\u010dnosti, spr\u00e1vcovia digit\u00e1lnych syst\u00e9mov vo v\u00fdrobn\u00fdch podnikoch, \u0161t\u00e1tnych podnikoch a podnikoch zaraden\u00fdch do kritickej infra\u0161trukt\u00fary \u0161t\u00e1tu, v samospr\u00e1vnych krajoch, mest\u00e1ch a obciach a nimi zriaden\u00fdch organiz\u00e1ci\u00e1ch, zdravotn\u00edckych, v\u00fdskumno-v\u00fdvojov\u00fdch organiz\u00e1ci\u00e1ch.<\/p>\n<p><strong>Vstupn\u00e9:<\/strong><br \/>\nVstup na konferenciu je pre \u00fa\u010dastn\u00edkov cie\u013eovej skupiny\u00a0<strong>bezplatn\u00fd<\/strong><strong>.<\/strong><strong><br \/>\n<\/strong>Z\u00e1stupcovia firiem poskytuj\u00facich komer\u010dn\u00e9 slu\u017eby v oblasti IT maj\u00fa \u00fa\u010das\u0165 spoplatnen\u00fa.<\/p>\n<p><a href=\"https:\/\/iresa-cz.cz\/eventy\/kyberneticka-bezpecnost-v-regionoch-zapadne-slovensko-2\/\"><strong>Registr\u00e1cia: <\/strong><\/a><a href=\"https:\/\/iresa-cz.cz\/udalosti\/kyberneticka-bezpecnost-v-regionoch-zapadne-slovensko-2026\/\">https:\/\/iresa-cz.cz\/eventy\/<\/a><\/p>\n<p><strong>Viac inform\u00e1ci\u00ed<\/strong>\u00a0:<\/p>\n<p>Tren\u010dianska region\u00e1lna komora SOPK, Tel: 032-6523834; <a href=\"mailto:sopkrktn@sopk.sk\">sopkrktn@sopk.sk<\/a><\/p>","protected":false},"excerpt":{"rendered":"<p>Slovensk\u00e1 obchodn\u00e1 a priemyseln\u00e1 komora spolu s partnermi\u00a0N\u00e1rodn\u00ed klastrov\u00e1 asociace, Stredoeur\u00f3pske zoskupenie CEDEG a \u010fal\u0161\u00edmi V\u00e1s poz\u00fdvaj\u00fa na konferenciu Kybernetick\u00e1 bezpe\u010dnos\u0165 v regi\u00f3noch- Z\u00e1padn\u00e9 Slovensko 2026. Term\u00edn: 8.4. 2026 \u00a0 [&hellip;]<\/p>","protected":false},"author":12,"featured_media":0,"template":"","meta":{"jetpack_post_was_ever_published":false,"_tribe_events_status":"","_tribe_events_status_reason":"","footnotes":""},"tags":[],"tribe_events_cat":[],"class_list":["post-1952","tribe_events","type-tribe_events","status-publish","hentry"],"yoast_head":"<!-- This site is optimized with the Yoast SEO plugin v26.0 - https:\/\/yoast.com\/wordpress\/plugins\/seo\/ -->\n<title>Konferencia Kybernetick\u00e1 bezpe\u010dnos\u0165 v regi\u00f3noch- Z\u00e1padn\u00e9 Slovensko 2026 - Enterprise Europe Network<\/title>\n<meta name=\"robots\" content=\"index, follow, max-snippet:-1, max-image-preview:large, max-video-preview:-1\" \/>\n<link rel=\"canonical\" href=\"https:\/\/www.een.sk\/en\/podujatie\/konferencia-kyberneticka-bezpecnost-v-regionoch-zapadne-slovensko-2026\/\" \/>\n<meta property=\"og:locale\" content=\"en_GB\" \/>\n<meta property=\"og:type\" content=\"article\" \/>\n<meta property=\"og:title\" content=\"Konferencia Kybernetick\u00e1 bezpe\u010dnos\u0165 v regi\u00f3noch- Z\u00e1padn\u00e9 Slovensko 2026 - Enterprise Europe Network\" \/>\n<meta property=\"og:description\" content=\"Slovensk\u00e1 obchodn\u00e1 a priemyseln\u00e1 komora spolu s partnermi\u00a0N\u00e1rodn\u00ed klastrov\u00e1 asociace, Stredoeur\u00f3pske zoskupenie CEDEG a \u010fal\u0161\u00edmi V\u00e1s poz\u00fdvaj\u00fa na konferenciu Kybernetick\u00e1 bezpe\u010dnos\u0165 v regi\u00f3noch- Z\u00e1padn\u00e9 Slovensko 2026. Term\u00edn: 8.4. 2026 \u00a0 [&hellip;]\" \/>\n<meta property=\"og:url\" content=\"https:\/\/www.een.sk\/en\/podujatie\/konferencia-kyberneticka-bezpecnost-v-regionoch-zapadne-slovensko-2026\/\" \/>\n<meta property=\"og:site_name\" content=\"Enterprise Europe Network\" \/>\n<meta property=\"article:modified_time\" content=\"2026-03-25T08:07:01+00:00\" \/>\n<meta name=\"twitter:card\" content=\"summary_large_image\" \/>\n<meta name=\"twitter:label1\" content=\"Estimated reading time\" \/>\n\t<meta name=\"twitter:data1\" content=\"2 minutes\" \/>\n<script type=\"application\/ld+json\" class=\"yoast-schema-graph\">{\"@context\":\"https:\/\/schema.org\",\"@graph\":[{\"@type\":\"WebPage\",\"@id\":\"https:\/\/www.een.sk\/podujatie\/konferencia-kyberneticka-bezpecnost-v-regionoch-zapadne-slovensko-2026\",\"url\":\"https:\/\/www.een.sk\/podujatie\/konferencia-kyberneticka-bezpecnost-v-regionoch-zapadne-slovensko-2026\",\"name\":\"Konferencia Kybernetick\u00e1 bezpe\u010dnos\u0165 v regi\u00f3noch- Z\u00e1padn\u00e9 Slovensko 2026 - Enterprise Europe Network\",\"isPartOf\":{\"@id\":\"https:\/\/www.een.sk\/#website\"},\"datePublished\":\"2026-02-26T13:24:10+00:00\",\"dateModified\":\"2026-03-25T08:07:01+00:00\",\"breadcrumb\":{\"@id\":\"https:\/\/www.een.sk\/podujatie\/konferencia-kyberneticka-bezpecnost-v-regionoch-zapadne-slovensko-2026#breadcrumb\"},\"inLanguage\":\"en-GB\",\"potentialAction\":[{\"@type\":\"ReadAction\",\"target\":[\"https:\/\/www.een.sk\/podujatie\/konferencia-kyberneticka-bezpecnost-v-regionoch-zapadne-slovensko-2026\"]}]},{\"@type\":\"BreadcrumbList\",\"@id\":\"https:\/\/www.een.sk\/podujatie\/konferencia-kyberneticka-bezpecnost-v-regionoch-zapadne-slovensko-2026#breadcrumb\",\"itemListElement\":[{\"@type\":\"ListItem\",\"position\":1,\"name\":\"Domovsk\u00e1 str\u00e1nka\",\"item\":\"https:\/\/www.een.sk\/\"},{\"@type\":\"ListItem\",\"position\":2,\"name\":\"udalosti\",\"item\":\"https:\/\/www.een.sk\/en\/podujatia\/\"},{\"@type\":\"ListItem\",\"position\":3,\"name\":\"Konferencia Kybernetick\u00e1 bezpe\u010dnos\u0165 v regi\u00f3noch- Z\u00e1padn\u00e9 Slovensko 2026\"}]},{\"@type\":\"WebSite\",\"@id\":\"https:\/\/www.een.sk\/#website\",\"url\":\"https:\/\/www.een.sk\/\",\"name\":\"Enterprise Europe Network\",\"description\":\"Pom\u00e1hame V\u00e1m inovova\u0165 a medzin\u00e1rodne r\u00e1s\u0165\",\"publisher\":{\"@id\":\"https:\/\/www.een.sk\/#organization\"},\"potentialAction\":[{\"@type\":\"SearchAction\",\"target\":{\"@type\":\"EntryPoint\",\"urlTemplate\":\"https:\/\/www.een.sk\/?s={search_term_string}\"},\"query-input\":{\"@type\":\"PropertyValueSpecification\",\"valueRequired\":true,\"valueName\":\"search_term_string\"}}],\"inLanguage\":\"en-GB\"},{\"@type\":\"Organization\",\"@id\":\"https:\/\/www.een.sk\/#organization\",\"name\":\"Enterprise Europe Network\",\"url\":\"https:\/\/www.een.sk\/\",\"logo\":{\"@type\":\"ImageObject\",\"inLanguage\":\"en-GB\",\"@id\":\"https:\/\/www.een.sk\/#\/schema\/logo\/image\/\",\"url\":\"https:\/\/www.een.sk\/wp-content\/uploads\/2025\/10\/EEN.png\",\"contentUrl\":\"https:\/\/www.een.sk\/wp-content\/uploads\/2025\/10\/EEN.png\",\"width\":851,\"height\":300,\"caption\":\"Enterprise Europe Network\"},\"image\":{\"@id\":\"https:\/\/www.een.sk\/#\/schema\/logo\/image\/\"}}]}<\/script>\n<!-- \/ Yoast SEO plugin. -->","yoast_head_json":{"title":"Konferencia Kybernetick\u00e1 bezpe\u010dnos\u0165 v regi\u00f3noch- Z\u00e1padn\u00e9 Slovensko 2026 - Enterprise Europe Network","robots":{"index":"index","follow":"follow","max-snippet":"max-snippet:-1","max-image-preview":"max-image-preview:large","max-video-preview":"max-video-preview:-1"},"canonical":"https:\/\/www.een.sk\/en\/podujatie\/konferencia-kyberneticka-bezpecnost-v-regionoch-zapadne-slovensko-2026\/","og_locale":"en_GB","og_type":"article","og_title":"Konferencia Kybernetick\u00e1 bezpe\u010dnos\u0165 v regi\u00f3noch- Z\u00e1padn\u00e9 Slovensko 2026 - Enterprise Europe Network","og_description":"Slovensk\u00e1 obchodn\u00e1 a priemyseln\u00e1 komora spolu s partnermi\u00a0N\u00e1rodn\u00ed klastrov\u00e1 asociace, Stredoeur\u00f3pske zoskupenie CEDEG a \u010fal\u0161\u00edmi V\u00e1s poz\u00fdvaj\u00fa na konferenciu Kybernetick\u00e1 bezpe\u010dnos\u0165 v regi\u00f3noch- Z\u00e1padn\u00e9 Slovensko 2026. Term\u00edn: 8.4. 2026 \u00a0 [&hellip;]","og_url":"https:\/\/www.een.sk\/en\/podujatie\/konferencia-kyberneticka-bezpecnost-v-regionoch-zapadne-slovensko-2026\/","og_site_name":"Enterprise Europe Network","article_modified_time":"2026-03-25T08:07:01+00:00","twitter_card":"summary_large_image","twitter_misc":{"Estimated reading time":"2 minutes"},"schema":{"@context":"https:\/\/schema.org","@graph":[{"@type":"WebPage","@id":"https:\/\/www.een.sk\/podujatie\/konferencia-kyberneticka-bezpecnost-v-regionoch-zapadne-slovensko-2026","url":"https:\/\/www.een.sk\/podujatie\/konferencia-kyberneticka-bezpecnost-v-regionoch-zapadne-slovensko-2026","name":"Konferencia Kybernetick\u00e1 bezpe\u010dnos\u0165 v regi\u00f3noch- Z\u00e1padn\u00e9 Slovensko 2026 - Enterprise Europe Network","isPartOf":{"@id":"https:\/\/www.een.sk\/#website"},"datePublished":"2026-02-26T13:24:10+00:00","dateModified":"2026-03-25T08:07:01+00:00","breadcrumb":{"@id":"https:\/\/www.een.sk\/podujatie\/konferencia-kyberneticka-bezpecnost-v-regionoch-zapadne-slovensko-2026#breadcrumb"},"inLanguage":"en-GB","potentialAction":[{"@type":"ReadAction","target":["https:\/\/www.een.sk\/podujatie\/konferencia-kyberneticka-bezpecnost-v-regionoch-zapadne-slovensko-2026"]}]},{"@type":"BreadcrumbList","@id":"https:\/\/www.een.sk\/podujatie\/konferencia-kyberneticka-bezpecnost-v-regionoch-zapadne-slovensko-2026#breadcrumb","itemListElement":[{"@type":"ListItem","position":1,"name":"Domovsk\u00e1 str\u00e1nka","item":"https:\/\/www.een.sk\/"},{"@type":"ListItem","position":2,"name":"udalosti","item":"https:\/\/www.een.sk\/en\/podujatia\/"},{"@type":"ListItem","position":3,"name":"Konferencia Kybernetick\u00e1 bezpe\u010dnos\u0165 v regi\u00f3noch- Z\u00e1padn\u00e9 Slovensko 2026"}]},{"@type":"WebSite","@id":"https:\/\/www.een.sk\/#website","url":"https:\/\/www.een.sk\/","name":"Enterprise Europe Network","description":"Pom\u00e1hame V\u00e1m inovova\u0165 a medzin\u00e1rodne r\u00e1s\u0165","publisher":{"@id":"https:\/\/www.een.sk\/#organization"},"potentialAction":[{"@type":"SearchAction","target":{"@type":"EntryPoint","urlTemplate":"https:\/\/www.een.sk\/?s={search_term_string}"},"query-input":{"@type":"PropertyValueSpecification","valueRequired":true,"valueName":"search_term_string"}}],"inLanguage":"en-GB"},{"@type":"Organization","@id":"https:\/\/www.een.sk\/#organization","name":"Enterprise Europe Network","url":"https:\/\/www.een.sk\/","logo":{"@type":"ImageObject","inLanguage":"en-GB","@id":"https:\/\/www.een.sk\/#\/schema\/logo\/image\/","url":"https:\/\/www.een.sk\/wp-content\/uploads\/2025\/10\/EEN.png","contentUrl":"https:\/\/www.een.sk\/wp-content\/uploads\/2025\/10\/EEN.png","width":851,"height":300,"caption":"Enterprise Europe Network"},"image":{"@id":"https:\/\/www.een.sk\/#\/schema\/logo\/image\/"}}]}},"jetpack_sharing_enabled":true,"_links":{"self":[{"href":"https:\/\/www.een.sk\/en\/wp-json\/wp\/v2\/tribe_events\/1952","targetHints":{"allow":["GET"]}}],"collection":[{"href":"https:\/\/www.een.sk\/en\/wp-json\/wp\/v2\/tribe_events"}],"about":[{"href":"https:\/\/www.een.sk\/en\/wp-json\/wp\/v2\/types\/tribe_events"}],"author":[{"embeddable":true,"href":"https:\/\/www.een.sk\/en\/wp-json\/wp\/v2\/users\/12"}],"version-history":[{"count":1,"href":"https:\/\/www.een.sk\/en\/wp-json\/wp\/v2\/tribe_events\/1952\/revisions"}],"predecessor-version":[{"id":1956,"href":"https:\/\/www.een.sk\/en\/wp-json\/wp\/v2\/tribe_events\/1952\/revisions\/1956"}],"wp:attachment":[{"href":"https:\/\/www.een.sk\/en\/wp-json\/wp\/v2\/media?parent=1952"}],"wp:term":[{"taxonomy":"post_tag","embeddable":true,"href":"https:\/\/www.een.sk\/en\/wp-json\/wp\/v2\/tags?post=1952"},{"taxonomy":"tribe_events_cat","embeddable":true,"href":"https:\/\/www.een.sk\/en\/wp-json\/wp\/v2\/tribe_events_cat?post=1952"}],"curies":[{"name":"wp","href":"https:\/\/api.w.org\/{rel}","templated":true}]}}